{"id":24,"date":"2024-11-17T05:19:46","date_gmt":"2024-11-17T05:19:46","guid":{"rendered":"https:\/\/nuestrosderechos.pe\/?page_id=24"},"modified":"2026-03-05T19:09:10","modified_gmt":"2026-03-06T00:09:10","slug":"noticias","status":"publish","type":"page","link":"https:\/\/nuestrosderechos.pe\/?page_id=24","title":{"rendered":"Noticias"},"content":{"rendered":"\t\t<div data-elementor-type=\"wp-page\" data-elementor-id=\"24\" class=\"elementor elementor-24\" data-elementor-post-type=\"page\">\n\t\t\t\t<div class=\"elementor-element elementor-element-9c7602c e-flex e-con-boxed e-con e-parent\" data-id=\"9c7602c\" data-element_type=\"container\" data-e-type=\"container\">\n\t\t\t\t\t<div class=\"e-con-inner\">\n\t\t<div class=\"elementor-element elementor-element-9ae446f e-con-full e-flex e-con e-child\" data-id=\"9ae446f\" data-element_type=\"container\" data-e-type=\"container\">\n\t\t\t\t<div class=\"elementor-element elementor-element-f26c8e6 elementor-posts--align-left elementor-grid-3 elementor-grid-tablet-2 elementor-grid-mobile-1 elementor-posts--thumbnail-top elementor-widget elementor-widget-posts\" data-id=\"f26c8e6\" data-element_type=\"widget\" data-e-type=\"widget\" data-settings=\"{&quot;pagination_type&quot;:&quot;load_more_infinite_scroll&quot;,&quot;classic_columns&quot;:&quot;3&quot;,&quot;classic_columns_tablet&quot;:&quot;2&quot;,&quot;classic_columns_mobile&quot;:&quot;1&quot;,&quot;classic_row_gap&quot;:{&quot;unit&quot;:&quot;px&quot;,&quot;size&quot;:35,&quot;sizes&quot;:[]},&quot;classic_row_gap_tablet&quot;:{&quot;unit&quot;:&quot;px&quot;,&quot;size&quot;:&quot;&quot;,&quot;sizes&quot;:[]},&quot;classic_row_gap_mobile&quot;:{&quot;unit&quot;:&quot;px&quot;,&quot;size&quot;:&quot;&quot;,&quot;sizes&quot;:[]},&quot;load_more_spinner&quot;:{&quot;value&quot;:&quot;fas fa-spinner&quot;,&quot;library&quot;:&quot;fa-solid&quot;}}\" data-widget_type=\"posts.classic\">\n\t\t\t\t<div class=\"elementor-widget-container\">\n\t\t\t\t\t\t\t<div class=\"elementor-posts-container elementor-posts elementor-posts--skin-classic elementor-grid\" role=\"list\">\n\t\t\t\t<article class=\"elementor-post elementor-grid-item post-413 post type-post status-publish format-standard has-post-thumbnail hentry category-inclusion-no-discriminacion category-nuestros-derechos tag-amazonia tag-baguazo tag-mujer-indigena tag-ninez-indigena tag-oea tag-saurin\" role=\"listitem\">\n\t\t\t\t<a class=\"elementor-post__thumbnail__link\" href=\"https:\/\/nuestrosderechos.pe\/?p=413\" tabindex=\"-1\" >\n\t\t\t<div class=\"elementor-post__thumbnail\"><img fetchpriority=\"high\" decoding=\"async\" width=\"172\" height=\"300\" src=\"https:\/\/nuestrosderechos.pe\/wp-content\/uploads\/2026\/08\/Saurin-172x300.jpeg\" class=\"attachment-medium size-medium wp-image-414\" alt=\"\" srcset=\"https:\/\/nuestrosderechos.pe\/wp-content\/uploads\/2026\/08\/Saurin-172x300.jpeg 172w, https:\/\/nuestrosderechos.pe\/wp-content\/uploads\/2026\/08\/Saurin-587x1024.jpeg 587w, https:\/\/nuestrosderechos.pe\/wp-content\/uploads\/2026\/08\/Saurin-768x1340.jpeg 768w, https:\/\/nuestrosderechos.pe\/wp-content\/uploads\/2026\/08\/Saurin.jpeg 804w\" sizes=\"(max-width: 172px) 100vw, 172px\" \/><\/div>\n\t\t<\/a>\n\t\t\t\t<div class=\"elementor-post__text\">\n\t\t\t\t<h3 class=\"elementor-post__title\">\n\t\t\t<a href=\"https:\/\/nuestrosderechos.pe\/?p=413\" >\n\t\t\t\tMujeres ind\u00edgenas, memoria y justicia: las lecciones pendientes del Per\u00fa\t\t\t<\/a>\n\t\t<\/h3>\n\t\t\t\t<div class=\"elementor-post__meta-data\">\n\t\t\t\t\t<span class=\"elementor-post-date\">\n\t\t\t31 de agosto de 2026\t\t<\/span>\n\t\t\t\t<\/div>\n\t\t\t\t<div class=\"elementor-post__excerpt\">\n\t\t\t<p>A pocos d\u00edas de conmemorarse el D\u00eda Internacional de las Mujeres Ind\u00edgenas, cada 5 de septiembre, tan significativa fecha nos recuerda la lucha de mujeres<\/p>\n\t\t<\/div>\n\t\t\t\t<\/div>\n\t\t\t\t<\/article>\n\t\t\t\t<article class=\"elementor-post elementor-grid-item post-407 post type-post status-publish format-standard has-post-thumbnail hentry category-acceso-a-la-justicia category-nuestros-derechos tag-defensores tag-quinto-inuma\" role=\"listitem\">\n\t\t\t\t<a class=\"elementor-post__thumbnail__link\" href=\"https:\/\/nuestrosderechos.pe\/?p=407\" tabindex=\"-1\" >\n\t\t\t<div class=\"elementor-post__thumbnail\"><img decoding=\"async\" width=\"300\" height=\"261\" src=\"https:\/\/nuestrosderechos.pe\/wp-content\/uploads\/2026\/08\/Captura-de-pantalla-2026-08-28-184252-300x261.png\" class=\"attachment-medium size-medium wp-image-408\" alt=\"\" srcset=\"https:\/\/nuestrosderechos.pe\/wp-content\/uploads\/2026\/08\/Captura-de-pantalla-2026-08-28-184252-300x261.png 300w, https:\/\/nuestrosderechos.pe\/wp-content\/uploads\/2026\/08\/Captura-de-pantalla-2026-08-28-184252.png 586w\" sizes=\"(max-width: 300px) 100vw, 300px\" \/><\/div>\n\t\t<\/a>\n\t\t\t\t<div class=\"elementor-post__text\">\n\t\t\t\t<h3 class=\"elementor-post__title\">\n\t\t\t<a href=\"https:\/\/nuestrosderechos.pe\/?p=407\" >\n\t\t\t\tSentencia hist\u00f3rica debe abrir paso a la reparaci\u00f3n integral de la familia y al fortalecimiento de la protecci\u00f3n de defensores ind\u00edgenas y ambientales\t\t\t<\/a>\n\t\t<\/h3>\n\t\t\t\t<div class=\"elementor-post__meta-data\">\n\t\t\t\t\t<span class=\"elementor-post-date\">\n\t\t\t28 de agosto de 2026\t\t<\/span>\n\t\t\t\t<\/div>\n\t\t\t\t<div class=\"elementor-post__excerpt\">\n\t\t\t<p>Caso Quinto Inuma: sentencia hist\u00f3rica debe abrir paso a la reparaci\u00f3n integral de la familia y al fortalecimiento de la protecci\u00f3n de defensores ind\u00edgenas y<\/p>\n\t\t<\/div>\n\t\t\t\t<\/div>\n\t\t\t\t<\/article>\n\t\t\t\t<article class=\"elementor-post elementor-grid-item post-403 post type-post status-publish format-standard has-post-thumbnail hentry category-acceso-a-la-justicia category-nuestros-derechos tag-desaparece-comunero-kishwa\" role=\"listitem\">\n\t\t\t\t<a class=\"elementor-post__thumbnail__link\" href=\"https:\/\/nuestrosderechos.pe\/?p=403\" tabindex=\"-1\" >\n\t\t\t<div class=\"elementor-post__thumbnail\"><img decoding=\"async\" width=\"223\" height=\"300\" src=\"https:\/\/nuestrosderechos.pe\/wp-content\/uploads\/2026\/07\/WhatsApp-Image-2026-07-21-at-11.08.32-223x300.jpeg\" class=\"attachment-medium size-medium wp-image-404\" alt=\"\" srcset=\"https:\/\/nuestrosderechos.pe\/wp-content\/uploads\/2026\/07\/WhatsApp-Image-2026-07-21-at-11.08.32-223x300.jpeg 223w, https:\/\/nuestrosderechos.pe\/wp-content\/uploads\/2026\/07\/WhatsApp-Image-2026-07-21-at-11.08.32-762x1024.jpeg 762w, https:\/\/nuestrosderechos.pe\/wp-content\/uploads\/2026\/07\/WhatsApp-Image-2026-07-21-at-11.08.32-768x1032.jpeg 768w, https:\/\/nuestrosderechos.pe\/wp-content\/uploads\/2026\/07\/WhatsApp-Image-2026-07-21-at-11.08.32.jpeg 1082w\" sizes=\"(max-width: 223px) 100vw, 223px\" \/><\/div>\n\t\t<\/a>\n\t\t\t\t<div class=\"elementor-post__text\">\n\t\t\t\t<h3 class=\"elementor-post__title\">\n\t\t\t<a href=\"https:\/\/nuestrosderechos.pe\/?p=403\" >\n\t\t\t\tComunero Kishwa desaparece en zona boscosa de Papaplaya durante jornada de caza para fiesta patronal\t\t\t<\/a>\n\t\t<\/h3>\n\t\t\t\t<div class=\"elementor-post__meta-data\">\n\t\t\t\t\t<span class=\"elementor-post-date\">\n\t\t\t21 de julio de 2026\t\t<\/span>\n\t\t\t\t<\/div>\n\t\t\t\t<div class=\"elementor-post__excerpt\">\n\t\t\t<p>San Mart\u00edn, 21 de julio de 2026. Un comunero de la comunidad nativa Reforma Llacta, en el distrito de Papaplaya, provincia de San Mart\u00edn, permanece<\/p>\n\t\t<\/div>\n\t\t\t\t<\/div>\n\t\t\t\t<\/article>\n\t\t\t\t<article class=\"elementor-post elementor-grid-item post-387 post type-post status-publish format-standard has-post-thumbnail hentry category-acceso-a-la-justicia category-inclusion-no-discriminacion category-nuestros-derechos tag-cvr tag-discriminacion tag-jaime-ayala tag-vicente-saico\" role=\"listitem\">\n\t\t\t\t<a class=\"elementor-post__thumbnail__link\" href=\"https:\/\/nuestrosderechos.pe\/?p=387\" tabindex=\"-1\" >\n\t\t\t<div class=\"elementor-post__thumbnail\"><img loading=\"lazy\" decoding=\"async\" width=\"300\" height=\"201\" src=\"https:\/\/nuestrosderechos.pe\/wp-content\/uploads\/2026\/07\/vicente-300x201.jpg\" class=\"attachment-medium size-medium wp-image-389\" alt=\"\" srcset=\"https:\/\/nuestrosderechos.pe\/wp-content\/uploads\/2026\/07\/vicente-300x201.jpg 300w, https:\/\/nuestrosderechos.pe\/wp-content\/uploads\/2026\/07\/vicente.jpg 600w\" sizes=\"(max-width: 300px) 100vw, 300px\" \/><\/div>\n\t\t<\/a>\n\t\t\t\t<div class=\"elementor-post__text\">\n\t\t\t\t<h3 class=\"elementor-post__title\">\n\t\t\t<a href=\"https:\/\/nuestrosderechos.pe\/?p=387\" >\n\t\t\t\tVicente Saico Tinco: un cristiano que ayud\u00f3 al Per\u00fa a recordar\t\t\t<\/a>\n\t\t<\/h3>\n\t\t\t\t<div class=\"elementor-post__meta-data\">\n\t\t\t\t\t<span class=\"elementor-post-date\">\n\t\t\t15 de julio de 2026\t\t<\/span>\n\t\t\t\t<\/div>\n\t\t\t\t<div class=\"elementor-post__excerpt\">\n\t\t\t<p>Acaba de fallecer Vicente Saico Tinco, un cristiano que ayud\u00f3 al Per\u00fa a recordar. La historia de Vicente Saico Tinco est\u00e1 ligada a uno de<\/p>\n\t\t<\/div>\n\t\t\t\t<\/div>\n\t\t\t\t<\/article>\n\t\t\t\t<article class=\"elementor-post elementor-grid-item post-383 post type-post status-publish format-standard has-post-thumbnail hentry category-gobernanza-territorial category-nuestros-derechos tag-defensa-de-defensores tag-san-martin tag-territorio\" role=\"listitem\">\n\t\t\t\t<a class=\"elementor-post__thumbnail__link\" href=\"https:\/\/nuestrosderechos.pe\/?p=383\" tabindex=\"-1\" >\n\t\t\t<div class=\"elementor-post__thumbnail\"><img loading=\"lazy\" decoding=\"async\" width=\"300\" height=\"226\" src=\"https:\/\/nuestrosderechos.pe\/wp-content\/uploads\/2026\/07\/WhatsApp-Image-2026-07-10-at-23.23.42-300x226.jpeg\" class=\"attachment-medium size-medium wp-image-385\" alt=\"\" srcset=\"https:\/\/nuestrosderechos.pe\/wp-content\/uploads\/2026\/07\/WhatsApp-Image-2026-07-10-at-23.23.42-300x226.jpeg 300w, https:\/\/nuestrosderechos.pe\/wp-content\/uploads\/2026\/07\/WhatsApp-Image-2026-07-10-at-23.23.42-1024x770.jpeg 1024w, https:\/\/nuestrosderechos.pe\/wp-content\/uploads\/2026\/07\/WhatsApp-Image-2026-07-10-at-23.23.42-768x578.jpeg 768w, https:\/\/nuestrosderechos.pe\/wp-content\/uploads\/2026\/07\/WhatsApp-Image-2026-07-10-at-23.23.42.jpeg 1280w\" sizes=\"(max-width: 300px) 100vw, 300px\" \/><\/div>\n\t\t<\/a>\n\t\t\t\t<div class=\"elementor-post__text\">\n\t\t\t\t<h3 class=\"elementor-post__title\">\n\t\t\t<a href=\"https:\/\/nuestrosderechos.pe\/?p=383\" >\n\t\t\t\tCrecen alianzas para defender a los defensores del medio ambiente de San Mart\u00edn\t\t\t<\/a>\n\t\t<\/h3>\n\t\t\t\t<div class=\"elementor-post__meta-data\">\n\t\t\t\t\t<span class=\"elementor-post-date\">\n\t\t\t14 de julio de 2026\t\t<\/span>\n\t\t\t\t<\/div>\n\t\t\t\t<div class=\"elementor-post__excerpt\">\n\t\t\t<p>Paz y Esperanza impulsa proceso de formaci\u00f3n que fortalece la protecci\u00f3n de defensores ind\u00edgenas y ambientales y promueve una respuesta m\u00e1s efectiva de las instituciones<\/p>\n\t\t<\/div>\n\t\t\t\t<\/div>\n\t\t\t\t<\/article>\n\t\t\t\t<article class=\"elementor-post elementor-grid-item post-379 post type-post status-publish format-standard has-post-thumbnail hentry category-hackeo-civico category-nuestros-derechos tag-derechos tag-internet tag-redes-sociales\" role=\"listitem\">\n\t\t\t\t<a class=\"elementor-post__thumbnail__link\" href=\"https:\/\/nuestrosderechos.pe\/?p=379\" tabindex=\"-1\" >\n\t\t\t<div class=\"elementor-post__thumbnail\"><img loading=\"lazy\" decoding=\"async\" width=\"300\" height=\"225\" src=\"https:\/\/nuestrosderechos.pe\/wp-content\/uploads\/2026\/07\/derechos-en-la-redusuarios-internet-la-red-ciudad-sin-ley-cookies-aviso-legal-ciberseguridad-privacidad-consejos-noticias-bit-life-media-300x225.webp\" class=\"attachment-medium size-medium wp-image-380\" alt=\"\" srcset=\"https:\/\/nuestrosderechos.pe\/wp-content\/uploads\/2026\/07\/derechos-en-la-redusuarios-internet-la-red-ciudad-sin-ley-cookies-aviso-legal-ciberseguridad-privacidad-consejos-noticias-bit-life-media-300x225.webp 300w, https:\/\/nuestrosderechos.pe\/wp-content\/uploads\/2026\/07\/derechos-en-la-redusuarios-internet-la-red-ciudad-sin-ley-cookies-aviso-legal-ciberseguridad-privacidad-consejos-noticias-bit-life-media.webp 566w\" sizes=\"(max-width: 300px) 100vw, 300px\" \/><\/div>\n\t\t<\/a>\n\t\t\t\t<div class=\"elementor-post__text\">\n\t\t\t\t<h3 class=\"elementor-post__title\">\n\t\t\t<a href=\"https:\/\/nuestrosderechos.pe\/?p=379\" >\n\t\t\t\t\u00bfSin redes sociales? Entre la protecci\u00f3n y la recuperaci\u00f3n de nuestra humanidad\t\t\t<\/a>\n\t\t<\/h3>\n\t\t\t\t<div class=\"elementor-post__meta-data\">\n\t\t\t\t\t<span class=\"elementor-post-date\">\n\t\t\t13 de julio de 2026\t\t<\/span>\n\t\t\t\t<\/div>\n\t\t\t\t<div class=\"elementor-post__excerpt\">\n\t\t\t<p>El reciente anuncio del primer ministro brit\u00e1nico, Keir Starmer, de restringir el acceso de menores de 16 a\u00f1os a las principales redes sociales ha reavivado<\/p>\n\t\t<\/div>\n\t\t\t\t<\/div>\n\t\t\t\t<\/article>\n\t\t\t\t<\/div>\n\t\t\t\t\t<span class=\"e-load-more-spinner\">\n\t\t\t\t<svg aria-hidden=\"true\" class=\"e-font-icon-svg e-fas-spinner\" viewBox=\"0 0 512 512\" xmlns=\"http:\/\/www.w3.org\/2000\/svg\"><path d=\"M304 48c0 26.51-21.49 48-48 48s-48-21.49-48-48 21.49-48 48-48 48 21.49 48 48zm-48 368c-26.51 0-48 21.49-48 48s21.49 48 48 48 48-21.49 48-48-21.49-48-48-48zm208-208c-26.51 0-48 21.49-48 48s21.49 48 48 48 48-21.49 48-48-21.49-48-48-48zM96 256c0-26.51-21.49-48-48-48S0 229.49 0 256s21.49 48 48 48 48-21.49 48-48zm12.922 99.078c-26.51 0-48 21.49-48 48s21.49 48 48 48 48-21.49 48-48c0-26.509-21.491-48-48-48zm294.156 0c-26.51 0-48 21.49-48 48s21.49 48 48 48 48-21.49 48-48c0-26.509-21.49-48-48-48zM108.922 60.922c-26.51 0-48 21.49-48 48s21.49 48 48 48 48-21.49 48-48-21.491-48-48-48z\"><\/path><\/svg>\t\t\t<\/span>\n\t\t\n\t\t\t\t<div class=\"e-load-more-anchor\" data-page=\"1\" data-max-page=\"7\" data-next-page=\"https:\/\/nuestrosderechos.pe\/index.php?rest_route=%2Fwp%2Fv2%2Fpages%2F24&#038;paged=2\"><\/div>\n\t\t\t\t<div class=\"e-load-more-message\"><\/div>\n\t\t\t\t\t\t<\/div>\n\t\t\t\t<\/div>\n\t\t\t\t<\/div>\n\t\t\t\t\t<\/div>\n\t\t\t\t<\/div>\n\t\t\t\t<\/div>\n\t\t","protected":false},"excerpt":{"rendered":"","protected":false},"author":1,"featured_media":0,"parent":0,"menu_order":0,"comment_status":"closed","ping_status":"closed","template":"","meta":{"footnotes":""},"class_list":["post-24","page","type-page","status-publish","hentry"],"_links":{"self":[{"href":"https:\/\/nuestrosderechos.pe\/index.php?rest_route=\/wp\/v2\/pages\/24","targetHints":{"allow":["GET"]}}],"collection":[{"href":"https:\/\/nuestrosderechos.pe\/index.php?rest_route=\/wp\/v2\/pages"}],"about":[{"href":"https:\/\/nuestrosderechos.pe\/index.php?rest_route=\/wp\/v2\/types\/page"}],"author":[{"embeddable":true,"href":"https:\/\/nuestrosderechos.pe\/index.php?rest_route=\/wp\/v2\/users\/1"}],"replies":[{"embeddable":true,"href":"https:\/\/nuestrosderechos.pe\/index.php?rest_route=%2Fwp%2Fv2%2Fcomments&post=24"}],"version-history":[{"count":7,"href":"https:\/\/nuestrosderechos.pe\/index.php?rest_route=\/wp\/v2\/pages\/24\/revisions"}],"predecessor-version":[{"id":354,"href":"https:\/\/nuestrosderechos.pe\/index.php?rest_route=\/wp\/v2\/pages\/24\/revisions\/354"}],"wp:attachment":[{"href":"https:\/\/nuestrosderechos.pe\/index.php?rest_route=%2Fwp%2Fv2%2Fmedia&parent=24"}],"curies":[{"name":"wp","href":"https:\/\/api.w.org\/{rel}","templated":true}]}}